{"id":531,"date":"2021-09-30T09:48:46","date_gmt":"2021-09-30T09:48:46","guid":{"rendered":"https:\/\/staging-e1edencatamaran.kinsta.cloud.turitopsandbox.com\/?page_id=531"},"modified":"2023-05-02T09:01:48","modified_gmt":"2023-05-02T09:01:48","slug":"sealife","status":"publish","type":"page","link":"https:\/\/www.edencatamaran.com\/es\/vida-marina\/","title":{"rendered":"Vida marina"},"content":{"rendered":"<style>.kb-row-layout-id_fc494a-7c > .kt-row-column-wrap{align-content:start;}:where(.kb-row-layout-id_fc494a-7c > .kt-row-column-wrap) > .wp-block-kadence-column{justify-content:start;}.kb-row-layout-id_fc494a-7c > .kt-row-column-wrap{column-gap:var(--global-kb-gap-md, 2rem);row-gap:var(--global-kb-gap-md, 2rem);max-width:90%;margin-left:auto;margin-right:auto;padding-top:var(--global-kb-spacing-sm, 1.5rem);padding-bottom:var(--global-kb-spacing-sm, 1.5rem);grid-template-columns:minmax(0, 1fr);}.kb-row-layout-id_fc494a-7c > .kt-row-layout-overlay{opacity:0.30;}@media all and (max-width: 1024px){.kb-row-layout-id_fc494a-7c > .kt-row-column-wrap{grid-template-columns:minmax(0, 1fr);}}@media all and (max-width: 767px){.kb-row-layout-id_fc494a-7c > .kt-row-column-wrap{max-width:100%;margin-left:auto;margin-right:auto;grid-template-columns:minmax(0, 1fr);}}<\/style><div class=\"kb-row-layout-wrap kb-row-layout-id_fc494a-7c alignnone wp-block-kadence-rowlayout\"><div class=\"kt-row-column-wrap kt-has-1-columns kt-row-layout-equal kt-tab-layout-inherit kt-mobile-layout-row kt-row-valign-top\">\n<style>.kadence-column_1f1c7c-f0 > .kt-inside-inner-col,.kadence-column_1f1c7c-f0 > .kt-inside-inner-col:before{border-top-left-radius:0px;border-top-right-radius:0px;border-bottom-right-radius:0px;border-bottom-left-radius:0px;}.kadence-column_1f1c7c-f0 > .kt-inside-inner-col{column-gap:var(--global-kb-gap-sm, 1rem);}.kadence-column_1f1c7c-f0 > .kt-inside-inner-col{flex-direction:column;}.kadence-column_1f1c7c-f0 > .kt-inside-inner-col > .aligncenter{width:100%;}.kadence-column_1f1c7c-f0 > .kt-inside-inner-col:before{opacity:0.3;}.kadence-column_1f1c7c-f0{position:relative;}@media all and (max-width: 1024px){.kadence-column_1f1c7c-f0 > .kt-inside-inner-col{flex-direction:column;}}@media all and (max-width: 767px){.kadence-column_1f1c7c-f0 > .kt-inside-inner-col{flex-direction:column;}}<\/style>\n<div class=\"wp-block-kadence-column kadence-column_1f1c7c-f0\"><div class=\"kt-inside-inner-col\"><style>.wp-block-kadence-advancedheading.kt-adv-heading_cd7419-d2, .wp-block-kadence-advancedheading.kt-adv-heading_cd7419-d2[data-kb-block=\"kb-adv-heading_cd7419-d2\"]{padding-top:var(--global-kb-spacing-sm, 1.5rem);font-style:normal;}.wp-block-kadence-advancedheading.kt-adv-heading_cd7419-d2 mark.kt-highlight, .wp-block-kadence-advancedheading.kt-adv-heading_cd7419-d2[data-kb-block=\"kb-adv-heading_cd7419-d2\"] mark.kt-highlight{font-style:normal;color:#f76a0c;-webkit-box-decoration-break:clone;box-decoration-break:clone;padding-top:0px;padding-right:0px;padding-bottom:0px;padding-left:0px;}<\/style>\n<h1 class=\"kt-adv-heading_cd7419-d2 wp-block-kadence-advancedheading\" data-kb-block=\"kb-adv-heading_cd7419-d2\">Delfines y ballenas en tenerife<\/h1>\n\n<div class=\"wp-block-columns is-layout-flex wp-container-core-columns-is-layout-1 wp-block-columns-is-layout-flex\"><div class=\"wp-block-column is-layout-flow wp-block-column-is-layout-flow\"><style>.wp-block-kadence-advancedheading.kt-adv-heading_fe75c0-8f, .wp-block-kadence-advancedheading.kt-adv-heading_fe75c0-8f[data-kb-block=\"kb-adv-heading_fe75c0-8f\"]{font-style:normal;}.wp-block-kadence-advancedheading.kt-adv-heading_fe75c0-8f mark.kt-highlight, .wp-block-kadence-advancedheading.kt-adv-heading_fe75c0-8f[data-kb-block=\"kb-adv-heading_fe75c0-8f\"] mark.kt-highlight{font-style:normal;color:#f76a0c;-webkit-box-decoration-break:clone;box-decoration-break:clone;padding-top:0px;padding-right:0px;padding-bottom:0px;padding-left:0px;}<\/style>\n<p class=\"kt-adv-heading_fe75c0-8f wp-block-kadence-advancedheading\" data-kb-block=\"kb-adv-heading_fe75c0-8f\">Estas aguas albergan hasta 21 especies diferentes, desde <strong>la gran ballena azul<\/strong> a la <strong>orca formidable<\/strong>. Diferenciar una especie de otra en mar abierto y a simple vista puede ser complicado, sobre todo cuando no est\u00e1n cerca de la embarcaci\u00f3n. Sin embargo, hay ciertos aspectos en los que podemos fijarnos para identificar la especie que estamos observando: el tama\u00f1o, la forma de la cabeza, la aleta dorsal, el cuerpo y la cola, el color del cuerpo y su comportamiento.<\/p>\n\n<style>.wp-block-kadence-advancedheading.kt-adv-heading_5ffd72-81, .wp-block-kadence-advancedheading.kt-adv-heading_5ffd72-81[data-kb-block=\"kb-adv-heading_5ffd72-81\"]{font-style:normal;}.wp-block-kadence-advancedheading.kt-adv-heading_5ffd72-81 mark.kt-highlight, .wp-block-kadence-advancedheading.kt-adv-heading_5ffd72-81[data-kb-block=\"kb-adv-heading_5ffd72-81\"] mark.kt-highlight{font-style:normal;color:#f76a0c;-webkit-box-decoration-break:clone;box-decoration-break:clone;padding-top:0px;padding-right:0px;padding-bottom:0px;padding-left:0px;}<\/style>\n<h2 class=\"kt-adv-heading_5ffd72-81 wp-block-kadence-advancedheading\" data-kb-block=\"kb-adv-heading_5ffd72-81\">Especies residentes:<\/h2>\n\n<style>.wp-block-kadence-advancedheading.kt-adv-heading_e2b665-0b, .wp-block-kadence-advancedheading.kt-adv-heading_e2b665-0b[data-kb-block=\"kb-adv-heading_e2b665-0b\"]{font-style:normal;}.wp-block-kadence-advancedheading.kt-adv-heading_e2b665-0b mark.kt-highlight, .wp-block-kadence-advancedheading.kt-adv-heading_e2b665-0b[data-kb-block=\"kb-adv-heading_e2b665-0b\"] mark.kt-highlight{font-style:normal;color:#f76a0c;-webkit-box-decoration-break:clone;box-decoration-break:clone;padding-top:0px;padding-right:0px;padding-bottom:0px;padding-left:0px;}<\/style>\n<p class=\"kt-adv-heading_e2b665-0b wp-block-kadence-advancedheading\" data-kb-block=\"kb-adv-heading_e2b665-0b\">Todo el a\u00f1o en una zona fija\u00a0<strong>Delf\u00edn mular<\/strong>\u00a0<em>(Tursiops truncatus)<\/em><br>Es la especie de delf\u00edn m\u00e1s conocida y se puede avistar f\u00e1cilmente frente a la costa. <strong>costa de Tenerife<\/strong>. Su longitud media es de 2,7 metros (8,8 pies) para los machos y 2,5 metros (8,2 pies) para las hembras, y los individuos m\u00e1s viejos miden m\u00e1s de 3 metros (10 pies). Viven en grupos de 10 a 30 miembros conocidos como vainas y su espalda es de color gris oscuro que se aclara gradualmente hacia el vientre.<\/p>\n\n<style>.wp-block-kadence-advancedheading.kt-adv-heading_afc344-02, .wp-block-kadence-advancedheading.kt-adv-heading_afc344-02[data-kb-block=\"kb-adv-heading_afc344-02\"]{font-style:normal;}.wp-block-kadence-advancedheading.kt-adv-heading_afc344-02 mark.kt-highlight, .wp-block-kadence-advancedheading.kt-adv-heading_afc344-02[data-kb-block=\"kb-adv-heading_afc344-02\"] mark.kt-highlight{font-style:normal;color:#f76a0c;-webkit-box-decoration-break:clone;box-decoration-break:clone;padding-top:0px;padding-right:0px;padding-bottom:0px;padding-left:0px;}<\/style>\n<p class=\"kt-adv-heading_afc344-02 wp-block-kadence-advancedheading\" data-kb-block=\"kb-adv-heading_afc344-02\"><strong>Calder\u00f3n de aleta corta<\/strong>&nbsp;<em>(Globicephala macrorinchus)<\/em><br>Tambi\u00e9n se le conoce como calder\u00f3n y pertenece a la familia de los delf\u00ednidos. Este cet\u00e1ceo dentado (Odontoceti) debe su clasificaci\u00f3n como ballena a su tama\u00f1o: puede llegar a medir m\u00e1s de 5 metros de largo y pesar entre 900 y 1.800 kg (de 1 a 2 toneladas). Es la especie m\u00e1s f\u00e1cil de encontrar en una excursi\u00f3n de avistamiento de cet\u00e1ceos en Tenerife.<\/p>\n\n<style>.wp-block-kadence-advancedheading.kt-adv-heading_0267eb-28, .wp-block-kadence-advancedheading.kt-adv-heading_0267eb-28[data-kb-block=\"kb-adv-heading_0267eb-28\"]{padding-bottom:var(--global-kb-spacing-xxs, 0.5rem);font-style:normal;color:#454545;}.wp-block-kadence-advancedheading.kt-adv-heading_0267eb-28 mark.kt-highlight, .wp-block-kadence-advancedheading.kt-adv-heading_0267eb-28[data-kb-block=\"kb-adv-heading_0267eb-28\"] mark.kt-highlight{font-style:normal;color:#f76a0c;-webkit-box-decoration-break:clone;box-decoration-break:clone;padding-top:0px;padding-right:0px;padding-bottom:0px;padding-left:0px;}<\/style>\n<h3 class=\"kt-adv-heading_0267eb-28 wp-block-kadence-advancedheading\" data-kb-block=\"kb-adv-heading_0267eb-28\"><strong>Visitantes ocasionales: Todo el a\u00f1o con frecuencia indeterminada<\/strong><\/h3>\n\n<style>.wp-block-kadence-advancedheading.kt-adv-heading_fa0f3d-db, .wp-block-kadence-advancedheading.kt-adv-heading_fa0f3d-db[data-kb-block=\"kb-adv-heading_fa0f3d-db\"]{font-style:normal;}.wp-block-kadence-advancedheading.kt-adv-heading_fa0f3d-db mark.kt-highlight, .wp-block-kadence-advancedheading.kt-adv-heading_fa0f3d-db[data-kb-block=\"kb-adv-heading_fa0f3d-db\"] mark.kt-highlight{font-style:normal;color:#f76a0c;-webkit-box-decoration-break:clone;box-decoration-break:clone;padding-top:0px;padding-right:0px;padding-bottom:0px;padding-left:0px;}<\/style>\n<p class=\"kt-adv-heading_fa0f3d-db wp-block-kadence-advancedheading\" data-kb-block=\"kb-adv-heading_fa0f3d-db\"><strong>Delf\u00edn manchado del Atl\u00e1ntico<\/strong>&nbsp;<em>(Stenella frontalis)<\/em><br>Esta especie puede identificarse por las manchas que cubren la mayor parte de su piel una vez alcanzan la edad adulta. Forman grandes vainas y son muy activas. Es m\u00e1s frecuente verlos entre el oto\u00f1o y el final de la primavera. Peso: 60-80 kg. Longitud: hasta 2,3 metros.<\/p>\n\n<style>.wp-block-kadence-advancedheading.kt-adv-heading_925a2d-f7, .wp-block-kadence-advancedheading.kt-adv-heading_925a2d-f7[data-kb-block=\"kb-adv-heading_925a2d-f7\"]{font-style:normal;}.wp-block-kadence-advancedheading.kt-adv-heading_925a2d-f7 mark.kt-highlight, .wp-block-kadence-advancedheading.kt-adv-heading_925a2d-f7[data-kb-block=\"kb-adv-heading_925a2d-f7\"] mark.kt-highlight{font-style:normal;color:#f76a0c;-webkit-box-decoration-break:clone;box-decoration-break:clone;padding-top:0px;padding-right:0px;padding-bottom:0px;padding-left:0px;}<\/style>\n<p class=\"kt-adv-heading_925a2d-f7 wp-block-kadence-advancedheading\" data-kb-block=\"kb-adv-heading_925a2d-f7\"><strong>Delf\u00edn de dientes rugosos<\/strong>&nbsp;<em>(Steno bredanensis)<\/em><br>Las crestas y arrugas de sus dientes y su larga cabeza son los rasgos m\u00e1s significativos de esta especie. Son m\u00e1s oscuros que los delfines mulares y tienen manchas claras en la piel. Se agrupan en manadas de 6 a 10 miembros. Peso: hasta 150 kg. Longitud: hasta 2,7 metros (8,8 pies).<\/p>\n\n<style>.wp-block-kadence-advancedheading.kt-adv-heading_cd0dbe-50, .wp-block-kadence-advancedheading.kt-adv-heading_cd0dbe-50[data-kb-block=\"kb-adv-heading_cd0dbe-50\"]{font-style:normal;}.wp-block-kadence-advancedheading.kt-adv-heading_cd0dbe-50 mark.kt-highlight, .wp-block-kadence-advancedheading.kt-adv-heading_cd0dbe-50[data-kb-block=\"kb-adv-heading_cd0dbe-50\"] mark.kt-highlight{font-style:normal;color:#f76a0c;-webkit-box-decoration-break:clone;box-decoration-break:clone;padding-top:0px;padding-right:0px;padding-bottom:0px;padding-left:0px;}<\/style>\n<p class=\"kt-adv-heading_cd0dbe-50 wp-block-kadence-advancedheading\" data-kb-block=\"kb-adv-heading_cd0dbe-50\"><strong>Ballena de Bryde<\/strong>&nbsp;<em>(Balaenoptera edeni)<\/em><br>Su aspecto es similar al del rorcual boreal, aunque el rorcual de Bryde es m\u00e1s peque\u00f1o y robusto, y presenta una caracter\u00edstica exclusiva de esta familia: tres crestas en la parte superior de la cabeza en lugar de una cresta central. Los ejemplares machos miden 13,7 metros (45 pies), mientras que las hembras miden 14,5 metros (47,5 pies) y pueden alcanzar los 15 metros (49 pies). Su dorso es de color gris azulado oscuro a gris met\u00e1lico, con los costados ligeramente m\u00e1s claros y la garganta y el vientre a\u00fan m\u00e1s claros.<\/p>\n\n<style>.wp-block-kadence-advancedheading.kt-adv-heading_b21a43-1a, .wp-block-kadence-advancedheading.kt-adv-heading_b21a43-1a[data-kb-block=\"kb-adv-heading_b21a43-1a\"]{font-style:normal;}.wp-block-kadence-advancedheading.kt-adv-heading_b21a43-1a mark.kt-highlight, .wp-block-kadence-advancedheading.kt-adv-heading_b21a43-1a[data-kb-block=\"kb-adv-heading_b21a43-1a\"] mark.kt-highlight{font-style:normal;color:#f76a0c;-webkit-box-decoration-break:clone;box-decoration-break:clone;padding-top:0px;padding-right:0px;padding-bottom:0px;padding-left:0px;}<\/style>\n<p class=\"kt-adv-heading_b21a43-1a wp-block-kadence-advancedheading\" data-kb-block=\"kb-adv-heading_b21a43-1a\"><strong>Delf\u00edn listado<\/strong>&nbsp;<em>(Stenella coeruleoalba)<\/em><br>Con su color azulado y sus rayas que van desde los ojos hasta la cola, este delf\u00edn es muy f\u00e1cil de identificar. A menudo se alejan de los barcos, pero son nadadores r\u00e1pidos y es posible verlos saltar fuera del agua. Peso: 100-130 kg (220-285 lbs). Longitud: 2,7 metros (8,8 pies).<\/p>\n\n<style>.wp-block-kadence-advancedheading.kt-adv-heading_fc056f-f7, .wp-block-kadence-advancedheading.kt-adv-heading_fc056f-f7[data-kb-block=\"kb-adv-heading_fc056f-f7\"]{font-style:normal;}.wp-block-kadence-advancedheading.kt-adv-heading_fc056f-f7 mark.kt-highlight, .wp-block-kadence-advancedheading.kt-adv-heading_fc056f-f7[data-kb-block=\"kb-adv-heading_fc056f-f7\"] mark.kt-highlight{font-style:normal;color:#f76a0c;-webkit-box-decoration-break:clone;box-decoration-break:clone;padding-top:0px;padding-right:0px;padding-bottom:0px;padding-left:0px;}<\/style>\n<p class=\"kt-adv-heading_fc056f-f7 wp-block-kadence-advancedheading\" data-kb-block=\"kb-adv-heading_fc056f-f7\"><strong>Delf\u00edn gris<\/strong>&nbsp;<em>(Grampus griseus)<\/em><br>Morfol\u00f3gicamente, este mam\u00edfero es muy parecido al calder\u00f3n com\u00fan, pero su piel es de color gris, o incluso m\u00e1s cercana al blanco en algunos ejemplares adultos, lo que contrasta con el color oscuro de su aleta dorsal. Peso: 300-600kg (660-1320 lbs).<\/p>\n\n<style>.wp-block-kadence-advancedheading.kt-adv-heading_6997c0-cd, .wp-block-kadence-advancedheading.kt-adv-heading_6997c0-cd[data-kb-block=\"kb-adv-heading_6997c0-cd\"]{font-style:normal;}.wp-block-kadence-advancedheading.kt-adv-heading_6997c0-cd mark.kt-highlight, .wp-block-kadence-advancedheading.kt-adv-heading_6997c0-cd[data-kb-block=\"kb-adv-heading_6997c0-cd\"] mark.kt-highlight{font-style:normal;color:#f76a0c;-webkit-box-decoration-break:clone;box-decoration-break:clone;padding-top:0px;padding-right:0px;padding-bottom:0px;padding-left:0px;}<\/style>\n<p class=\"kt-adv-heading_6997c0-cd wp-block-kadence-advancedheading\" data-kb-block=\"kb-adv-heading_6997c0-cd\"><strong>Cachalote<\/strong>&nbsp;<em>(Physeter macrocephalus)<\/em><br>Esta especie es la mayor de la familia Odontoceti y es tan grande como la mayor\u00eda de las ballenas. Sus caracter\u00edsticas m\u00e1s notables son su enorme cabeza, su piel oscura estriada y su peque\u00f1a aleta dorsal. Puede pasar m\u00e1s de una hora sin respirar para encontrar alimento a profundidades de m\u00e1s de 2.000 metros. Se les ve con m\u00e1s frecuencia en primavera. Peso: 13.500-54.000 kg (15-60 toneladas). Longitud: 11-18 metros (36-59 pies).<\/p>\n\n<style>.wp-block-kadence-advancedheading.kt-adv-heading_4dd9de-c3, .wp-block-kadence-advancedheading.kt-adv-heading_4dd9de-c3[data-kb-block=\"kb-adv-heading_4dd9de-c3\"]{font-size:var(--global-kb-font-size-lg, 2rem);font-style:normal;color:#454545;}.wp-block-kadence-advancedheading.kt-adv-heading_4dd9de-c3 mark.kt-highlight, .wp-block-kadence-advancedheading.kt-adv-heading_4dd9de-c3[data-kb-block=\"kb-adv-heading_4dd9de-c3\"] mark.kt-highlight{font-style:normal;color:#f76a0c;-webkit-box-decoration-break:clone;box-decoration-break:clone;padding-top:0px;padding-right:0px;padding-bottom:0px;padding-left:0px;}<\/style>\n<h3 class=\"kt-adv-heading_4dd9de-c3 wp-block-kadence-advancedheading\" data-kb-block=\"kb-adv-heading_4dd9de-c3\"><strong>Especies estacionales\/migratorias:<\/strong><\/h3>\n\n<style>.wp-block-kadence-advancedheading.kt-adv-heading_d00286-b1, .wp-block-kadence-advancedheading.kt-adv-heading_d00286-b1[data-kb-block=\"kb-adv-heading_d00286-b1\"]{font-style:normal;}.wp-block-kadence-advancedheading.kt-adv-heading_d00286-b1 mark.kt-highlight, .wp-block-kadence-advancedheading.kt-adv-heading_d00286-b1[data-kb-block=\"kb-adv-heading_d00286-b1\"] mark.kt-highlight{font-style:normal;color:#f76a0c;-webkit-box-decoration-break:clone;box-decoration-break:clone;padding-top:0px;padding-right:0px;padding-bottom:0px;padding-left:0px;}<\/style>\n<p class=\"kt-adv-heading_d00286-b1 wp-block-kadence-advancedheading\" data-kb-block=\"kb-adv-heading_d00286-b1\">Visible en algunas \u00e9pocas del a\u00f1o<strong>Delf\u00edn com\u00fan<\/strong>\u00a0<em>(Delphinus delphis)<\/em><br>En<strong> delf\u00edn com\u00fan <\/strong>se encuentra en la mayor\u00eda de los oc\u00e9anos del planeta. Es f\u00e1cil de identificar gracias a las marcas amarillas especiales de sus costados. Se ven con m\u00e1s frecuencia en invierno. Peso: 80-130 kg (175-285 lbs). Longitud: hasta 2,5 metros (8,3 pies).<\/p>\n\n<style>.wp-block-kadence-advancedheading.kt-adv-heading_ea9031-b3, .wp-block-kadence-advancedheading.kt-adv-heading_ea9031-b3[data-kb-block=\"kb-adv-heading_ea9031-b3\"]{font-style:normal;}.wp-block-kadence-advancedheading.kt-adv-heading_ea9031-b3 mark.kt-highlight, .wp-block-kadence-advancedheading.kt-adv-heading_ea9031-b3[data-kb-block=\"kb-adv-heading_ea9031-b3\"] mark.kt-highlight{font-style:normal;color:#f76a0c;-webkit-box-decoration-break:clone;box-decoration-break:clone;padding-top:0px;padding-right:0px;padding-bottom:0px;padding-left:0px;}<\/style>\n<p class=\"kt-adv-heading_ea9031-b3 wp-block-kadence-advancedheading\" data-kb-block=\"kb-adv-heading_ea9031-b3\"><strong>Rorcual com\u00fan<\/strong>&nbsp;<em>(Balaenoptera physalus)<\/em><br>Tambi\u00e9n conocido como rorcual com\u00fan, su caracter\u00edstica m\u00e1s prominente son sus marcas. La parte superior y los costados del cuerpo son negros o de un marr\u00f3n gris\u00e1ceo oscuro, que se desvanece gradualmente hacia el blanco en el vientre. El color de la cabeza, sin embargo, es asim\u00e9trico. El lado derecho de la cara es gris claro con la mand\u00edbula blanca, a juego con el color de la garganta y el vientre. El lado izquierdo de la cara es m\u00e1s oscuro, con la mand\u00edbula y la garganta de color gris oscuro. Tambi\u00e9n tiene una serie de marcas de color a lo ancho de la espalda, detr\u00e1s de la cabeza, la m\u00e1s distintiva en forma de V invertida, que es m\u00e1s visible en el lado derecho.<\/p>\n\n<style>.wp-block-kadence-advancedheading.kt-adv-heading_73084b-42, .wp-block-kadence-advancedheading.kt-adv-heading_73084b-42[data-kb-block=\"kb-adv-heading_73084b-42\"]{font-style:normal;}.wp-block-kadence-advancedheading.kt-adv-heading_73084b-42 mark.kt-highlight, .wp-block-kadence-advancedheading.kt-adv-heading_73084b-42[data-kb-block=\"kb-adv-heading_73084b-42\"] mark.kt-highlight{font-style:normal;color:#f76a0c;-webkit-box-decoration-break:clone;box-decoration-break:clone;padding-top:0px;padding-right:0px;padding-bottom:0px;padding-left:0px;}<\/style>\n<p class=\"kt-adv-heading_73084b-42 wp-block-kadence-advancedheading\" data-kb-block=\"kb-adv-heading_73084b-42\"><strong>Ballena sei<\/strong>&nbsp;<em>(Balaenoptera borealis)<\/em><br>Los machos de ballena sei pueden medir hasta 17,1 metros (56 pies), mientras que las hembras alcanzan los 18,6 metros (61 pies) y pueden pesar hasta 25.000 kg (25 toneladas). Son parecidas a la ballena de Bryde, pero m\u00e1s grandes, oscuras y esbeltas, y con una sola cresta en la cabeza. La proporci\u00f3n de la cabeza es similar a la de la ballena de Bryde, oscilando entre 1\/4 y 1\/5 de su longitud total, pero parece m\u00e1s estrecha desde arriba y tiene una cresta bien definida. La coloraci\u00f3n general es gris oscura o marr\u00f3n, casi negra, a menudo parecida al metal galvanizado, excepto en el vientre, que presenta una coloraci\u00f3n blanca variable.<\/p>\n\n<style>.wp-block-kadence-advancedheading.kt-adv-heading_c322e8-28, .wp-block-kadence-advancedheading.kt-adv-heading_c322e8-28[data-kb-block=\"kb-adv-heading_c322e8-28\"]{font-style:normal;}.wp-block-kadence-advancedheading.kt-adv-heading_c322e8-28 mark.kt-highlight, .wp-block-kadence-advancedheading.kt-adv-heading_c322e8-28[data-kb-block=\"kb-adv-heading_c322e8-28\"] mark.kt-highlight{font-style:normal;color:#f76a0c;-webkit-box-decoration-break:clone;box-decoration-break:clone;padding-top:0px;padding-right:0px;padding-bottom:0px;padding-left:0px;}<\/style>\n<p class=\"kt-adv-heading_c322e8-28 wp-block-kadence-advancedheading\" data-kb-block=\"kb-adv-heading_c322e8-28\"><strong>Falsa orca<\/strong>\u00a0<em>(Pseudorca crassidens)<\/em><br>Este cet\u00e1ceo tiene un cuerpo esbelto y una aleta dorsal que puede medir hasta 30 cm (un pie) de altura. Dos de sus rasgos m\u00e1s distintivos son la curvatura y la protuberancia en forma de codo a medio camino a lo largo de cada una de sus aletas. En<strong> falso asesino<\/strong> <strong>ballena<\/strong> es de color gris oscuro a negro por todas partes. Puede llegar a medir 6 metros, pesar hasta 1.500 kg y vivir hasta 60 a\u00f1os. Son animales sociables que viven en grupos de 10 a 50 miembros.<\/p>\n\n<style>.wp-block-kadence-advancedheading.kt-adv-heading_ba5ada-dd, .wp-block-kadence-advancedheading.kt-adv-heading_ba5ada-dd[data-kb-block=\"kb-adv-heading_ba5ada-dd\"]{padding-bottom:var(--global-kb-spacing-sm, 1.5rem);font-size:var(--global-kb-font-size-lg, 2rem);font-style:normal;color:#454545;}.wp-block-kadence-advancedheading.kt-adv-heading_ba5ada-dd mark.kt-highlight, .wp-block-kadence-advancedheading.kt-adv-heading_ba5ada-dd[data-kb-block=\"kb-adv-heading_ba5ada-dd\"] mark.kt-highlight{font-style:normal;color:#f76a0c;-webkit-box-decoration-break:clone;box-decoration-break:clone;padding-top:0px;padding-right:0px;padding-bottom:0px;padding-left:0px;}<\/style>\n<h3 class=\"kt-adv-heading_ba5ada-dd wp-block-kadence-advancedheading\" data-kb-block=\"kb-adv-heading_ba5ada-dd\"><strong>Especies poco comunes<\/strong><\/h3>\n\n<ul class=\"wp-block-list\"><li><strong>Zifio de Blainville<\/strong>&nbsp;<em>(Mesoplodon densirostris)<\/em><\/li>\n\n<li><strong>Zifio de Cuvier<\/strong>&nbsp;<em>(Ziphius cavirostris)<\/em><\/li>\n\n<li><strong>Zifio de Gervais<\/strong>&nbsp;<em>(Mesoplodon densirostris)<\/em><\/li>\n\n<li><strong>Cachalote pigmeo<\/strong>&nbsp;<em>(Kogia breviceps)<\/em><\/li>\n\n<li><strong>Delf\u00edn de Fraser<\/strong>&nbsp;<em>(Lagenodelphis hosei)<\/em><\/li>\n\n<li><strong>Ballena azul<\/strong>&nbsp;<em>(Balaenoptera musculus)<\/em><\/li>\n\n<li><strong>Ballena jorobada<\/strong>&nbsp;<em>(Megaptera novaeangliae)<\/em><\/li>\n\n<li><strong>Rorcual aliblanco<\/strong>&nbsp;<em>(Balaenoptera acutorostrata)<\/em><\/li>\n\n<li><strong>Orca<\/strong>&nbsp;<em>(Orcinus orca)<\/em><\/li><\/ul><\/div>\n\n<div class=\"wp-block-column is-layout-flow wp-block-column-is-layout-flow\"><div style=\"height:30px\" aria-hidden=\"true\" class=\"wp-block-spacer\"><\/div>\n\n<style>.wp-block-kadence-advancedheading.kt-adv-heading_28abb3-8f, .wp-block-kadence-advancedheading.kt-adv-heading_28abb3-8f[data-kb-block=\"kb-adv-heading_28abb3-8f\"]{text-align:center;font-style:normal;}.wp-block-kadence-advancedheading.kt-adv-heading_28abb3-8f mark.kt-highlight, .wp-block-kadence-advancedheading.kt-adv-heading_28abb3-8f[data-kb-block=\"kb-adv-heading_28abb3-8f\"] mark.kt-highlight{font-style:normal;color:#f76a0c;-webkit-box-decoration-break:clone;box-decoration-break:clone;padding-top:0px;padding-right:0px;padding-bottom:0px;padding-left:0px;}<\/style>\n<h2 class=\"kt-adv-heading_28abb3-8f wp-block-kadence-advancedheading\" data-kb-block=\"kb-adv-heading_28abb3-8f\">Charters privados<\/h2>\n\n<div class=\"wp-block-image\"><figure class=\"aligncenter size-full\"><img decoding=\"async\" width=\"270\" height=\"193\" src=\"https:\/\/e1.turitopbooking.com\/pro\/wp-content\/uploads\/sites\/2\/2021\/10\/tenerife-nuevo-logo-01-2.jpg\" alt=\"\" class=\"wp-image-1811\" srcset=\"https:\/\/www.edencatamaran.com\/wp-content\/uploads\/sites\/2\/2021\/10\/tenerife-nuevo-logo-01-2.jpg 270w, https:\/\/www.edencatamaran.com\/wp-content\/uploads\/sites\/2\/2021\/10\/tenerife-nuevo-logo-01-2-18x12.jpg 18w\" sizes=\"(max-width: 270px) 100vw, 270px\" \/><\/figure><\/div>\n\n<style>.kb-gallery-id-_908bb5-14 .kadence-blocks-gallery-item .kb-gal-image-radius, .kb-gallery-id-_908bb5-14 .kb-slide-item .kb-gal-image-radius img{border-radius:0px 0px 0px 0px;;}.kb-gallery-id-_908bb5-14 .kadence-blocks-gallery-item .kadence-blocks-gallery-item-inner .kadence-blocks-gallery-item__caption{font-size:16px;font-family:Roboto;font-weight:400;}.kb-gallery-caption-style-cover-hover.kb-gallery-id-_908bb5-14 .kadence-blocks-gallery-item .kadence-blocks-gallery-item-inner .kadence-blocks-gallery-item__caption, .kb-gallery-caption-style-below.kb-gallery-id-_908bb5-14 .kadence-blocks-gallery-item .kadence-blocks-gallery-item-inner .kadence-blocks-gallery-item__caption{background:rgba(0, 0, 0, 0.55);}<\/style><div class=\"kb-gallery-wrap-id-_908bb5-14 alignnone wp-block-kadence-advancedgallery\"><div class=\"kb-gallery-ul kb-gallery-non-static kb-gallery-type-slider kb-gallery-id-_908bb5-14 kb-gallery-caption-style-below kb-gallery-filter-none\" data-image-filter=\"none\" data-lightbox-caption=\"true\"><div class=\"kt-blocks-carousel kt-carousel-container-dotstyle-none\"><div class=\"kt-blocks-carousel-init kb-blocks-slider kt-carousel-arrowstyle-whiteondark kt-carousel-dotstyle-none\" data-slider-anim-speed=\"400\" data-slider-scroll=\"1\" data-slider-arrows=\"true\" data-slider-fade=\"true\" data-slider-dots=\"false\"data-slider-type=\"slider\"  data-slider-hover-pause=\"false\" data-slider-auto=\"1\" data-slider-speed=\"7000\"><div class=\"kb-slide-item kb-gallery-slide-item\"><div class=\"kadence-blocks-gallery-item\"><div class=\"kadence-blocks-gallery-item-inner\"><figure class=\"kb-gallery-figure kadence-blocks-gallery-item-has-caption\" \"><div class=\"kb-gal-image-radius\"><div class=\"kb-gallery-image-contain kadence-blocks-gallery-intrinsic kb-gallery-image-ratio-inherit kb-has-image-ratio-inherit\" ><img decoding=\"async\" src=\"https:\/\/e1.turitopbooking.com\/pro\/wp-content\/uploads\/sites\/2\/2021\/10\/07f6186ca3524d77859d3d7ee5364209delfinmular_orig.jpg\" width=\"433\" height=\"159\" alt=\"Tursiops truncatus\" data-full-image=\"https:\/\/e1.turitopbooking.com\/pro\/wp-content\/uploads\/sites\/2\/2021\/10\/07f6186ca3524d77859d3d7ee5364209delfinmular_orig.jpg\" data-light-image=\"https:\/\/e1.turitopbooking.com\/pro\/wp-content\/uploads\/sites\/2\/2021\/10\/07f6186ca3524d77859d3d7ee5364209delfinmular_orig.jpg\" data-id=\"1826\" class=\"wp-image-1826 skip-lazy\" srcset=\"https:\/\/www.edencatamaran.com\/wp-content\/uploads\/sites\/2\/2021\/10\/07f6186ca3524d77859d3d7ee5364209delfinmular_orig.jpg 433w, https:\/\/www.edencatamaran.com\/wp-content\/uploads\/sites\/2\/2021\/10\/07f6186ca3524d77859d3d7ee5364209delfinmular_orig-300x110.jpg 300w, https:\/\/www.edencatamaran.com\/wp-content\/uploads\/sites\/2\/2021\/10\/07f6186ca3524d77859d3d7ee5364209delfinmular_orig-18x7.jpg 18w\" sizes=\"(max-width: 433px) 100vw, 433px\" \/><\/div><\/div><figcaption class=\"kadence-blocks-gallery-item__caption\">Tursiops truncatus<\/figcaption><\/figure><\/div><\/div><\/div><div class=\"kb-slide-item kb-gallery-slide-item\"><div class=\"kadence-blocks-gallery-item\"><div class=\"kadence-blocks-gallery-item-inner\"><figure class=\"kb-gallery-figure kadence-blocks-gallery-item-has-caption\" \"><div class=\"kb-gal-image-radius\"><div class=\"kb-gallery-image-contain kadence-blocks-gallery-intrinsic kb-gallery-image-ratio-inherit kb-has-image-ratio-inherit\" ><img decoding=\"async\" src=\"https:\/\/e1.turitopbooking.com\/pro\/wp-content\/uploads\/sites\/2\/2021\/10\/546c30302ba74c81b2a48b8cc6b4c947calderontropical_orig.jpg\" width=\"433\" height=\"145\" alt=\"Globicephala macrorinchus\" data-full-image=\"https:\/\/e1.turitopbooking.com\/pro\/wp-content\/uploads\/sites\/2\/2021\/10\/546c30302ba74c81b2a48b8cc6b4c947calderontropical_orig.jpg\" data-light-image=\"https:\/\/e1.turitopbooking.com\/pro\/wp-content\/uploads\/sites\/2\/2021\/10\/546c30302ba74c81b2a48b8cc6b4c947calderontropical_orig.jpg\" data-id=\"1825\" class=\"wp-image-1825 skip-lazy\" srcset=\"https:\/\/www.edencatamaran.com\/wp-content\/uploads\/sites\/2\/2021\/10\/546c30302ba74c81b2a48b8cc6b4c947calderontropical_orig.jpg 433w, https:\/\/www.edencatamaran.com\/wp-content\/uploads\/sites\/2\/2021\/10\/546c30302ba74c81b2a48b8cc6b4c947calderontropical_orig-300x100.jpg 300w, https:\/\/www.edencatamaran.com\/wp-content\/uploads\/sites\/2\/2021\/10\/546c30302ba74c81b2a48b8cc6b4c947calderontropical_orig-18x6.jpg 18w\" sizes=\"(max-width: 433px) 100vw, 433px\" \/><\/div><\/div><figcaption class=\"kadence-blocks-gallery-item__caption\">Globicephala macrorinchus<\/figcaption><\/figure><\/div><\/div><\/div><div class=\"kb-slide-item kb-gallery-slide-item\"><div class=\"kadence-blocks-gallery-item\"><div class=\"kadence-blocks-gallery-item-inner\"><figure class=\"kb-gallery-figure kadence-blocks-gallery-item-has-caption\" \"><div class=\"kb-gal-image-radius\"><div class=\"kb-gallery-image-contain kadence-blocks-gallery-intrinsic kb-gallery-image-ratio-inherit kb-has-image-ratio-inherit\" ><img decoding=\"async\" src=\"https:\/\/e1.turitopbooking.com\/pro\/wp-content\/uploads\/sites\/2\/2021\/10\/648a6894e64c4d768179133c158b8484delfinmoteado_orig.jpg\" width=\"433\" height=\"146\" alt=\"Stenella frontalis\" data-full-image=\"https:\/\/e1.turitopbooking.com\/pro\/wp-content\/uploads\/sites\/2\/2021\/10\/648a6894e64c4d768179133c158b8484delfinmoteado_orig.jpg\" data-light-image=\"https:\/\/e1.turitopbooking.com\/pro\/wp-content\/uploads\/sites\/2\/2021\/10\/648a6894e64c4d768179133c158b8484delfinmoteado_orig.jpg\" data-id=\"1824\" class=\"wp-image-1824 skip-lazy\" srcset=\"https:\/\/www.edencatamaran.com\/wp-content\/uploads\/sites\/2\/2021\/10\/648a6894e64c4d768179133c158b8484delfinmoteado_orig.jpg 433w, https:\/\/www.edencatamaran.com\/wp-content\/uploads\/sites\/2\/2021\/10\/648a6894e64c4d768179133c158b8484delfinmoteado_orig-300x101.jpg 300w, https:\/\/www.edencatamaran.com\/wp-content\/uploads\/sites\/2\/2021\/10\/648a6894e64c4d768179133c158b8484delfinmoteado_orig-18x6.jpg 18w\" sizes=\"(max-width: 433px) 100vw, 433px\" \/><\/div><\/div><figcaption class=\"kadence-blocks-gallery-item__caption\">Stenella frontalis<\/figcaption><\/figure><\/div><\/div><\/div><div class=\"kb-slide-item kb-gallery-slide-item\"><div class=\"kadence-blocks-gallery-item\"><div class=\"kadence-blocks-gallery-item-inner\"><figure class=\"kb-gallery-figure kadence-blocks-gallery-item-has-caption\" \"><div class=\"kb-gal-image-radius\"><div class=\"kb-gallery-image-contain kadence-blocks-gallery-intrinsic kb-gallery-image-ratio-inherit kb-has-image-ratio-inherit\" ><img decoding=\"async\" src=\"https:\/\/e1.turitopbooking.com\/pro\/wp-content\/uploads\/sites\/2\/2021\/10\/dea966e8defb4f42bb887ddc16c8377cdelfindientesrugosos_orig.jpg\" width=\"433\" height=\"132\" alt=\"Steno bredanensis\" data-full-image=\"https:\/\/e1.turitopbooking.com\/pro\/wp-content\/uploads\/sites\/2\/2021\/10\/dea966e8defb4f42bb887ddc16c8377cdelfindientesrugosos_orig.jpg\" data-light-image=\"https:\/\/e1.turitopbooking.com\/pro\/wp-content\/uploads\/sites\/2\/2021\/10\/dea966e8defb4f42bb887ddc16c8377cdelfindientesrugosos_orig.jpg\" data-id=\"1818\" class=\"wp-image-1818 skip-lazy\" srcset=\"https:\/\/www.edencatamaran.com\/wp-content\/uploads\/sites\/2\/2021\/10\/dea966e8defb4f42bb887ddc16c8377cdelfindientesrugosos_orig.jpg 433w, https:\/\/www.edencatamaran.com\/wp-content\/uploads\/sites\/2\/2021\/10\/dea966e8defb4f42bb887ddc16c8377cdelfindientesrugosos_orig-300x91.jpg 300w, https:\/\/www.edencatamaran.com\/wp-content\/uploads\/sites\/2\/2021\/10\/dea966e8defb4f42bb887ddc16c8377cdelfindientesrugosos_orig-18x5.jpg 18w\" sizes=\"(max-width: 433px) 100vw, 433px\" \/><\/div><\/div><figcaption class=\"kadence-blocks-gallery-item__caption\">Steno bredanensis<\/figcaption><\/figure><\/div><\/div><\/div><div class=\"kb-slide-item kb-gallery-slide-item\"><div class=\"kadence-blocks-gallery-item\"><div class=\"kadence-blocks-gallery-item-inner\"><figure class=\"kb-gallery-figure kadence-blocks-gallery-item-has-caption\" \"><div class=\"kb-gal-image-radius\"><div class=\"kb-gallery-image-contain kadence-blocks-gallery-intrinsic kb-gallery-image-ratio-inherit kb-has-image-ratio-inherit\" ><img decoding=\"async\" src=\"https:\/\/e1.turitopbooking.com\/pro\/wp-content\/uploads\/sites\/2\/2021\/10\/d4c10c3f98a942f994f6ca5a2052fbf7rocualtropical_orig.jpg\" width=\"433\" height=\"87\" alt=\"Balaenoptera edeni\" data-full-image=\"https:\/\/e1.turitopbooking.com\/pro\/wp-content\/uploads\/sites\/2\/2021\/10\/d4c10c3f98a942f994f6ca5a2052fbf7rocualtropical_orig.jpg\" data-light-image=\"https:\/\/e1.turitopbooking.com\/pro\/wp-content\/uploads\/sites\/2\/2021\/10\/d4c10c3f98a942f994f6ca5a2052fbf7rocualtropical_orig.jpg\" data-id=\"1819\" class=\"wp-image-1819 skip-lazy\" srcset=\"https:\/\/www.edencatamaran.com\/wp-content\/uploads\/sites\/2\/2021\/10\/d4c10c3f98a942f994f6ca5a2052fbf7rocualtropical_orig.jpg 433w, https:\/\/www.edencatamaran.com\/wp-content\/uploads\/sites\/2\/2021\/10\/d4c10c3f98a942f994f6ca5a2052fbf7rocualtropical_orig-300x60.jpg 300w, https:\/\/www.edencatamaran.com\/wp-content\/uploads\/sites\/2\/2021\/10\/d4c10c3f98a942f994f6ca5a2052fbf7rocualtropical_orig-18x4.jpg 18w\" sizes=\"(max-width: 433px) 100vw, 433px\" \/><\/div><\/div><figcaption class=\"kadence-blocks-gallery-item__caption\">Balaenoptera edeni<\/figcaption><\/figure><\/div><\/div><\/div><div class=\"kb-slide-item kb-gallery-slide-item\"><div class=\"kadence-blocks-gallery-item\"><div class=\"kadence-blocks-gallery-item-inner\"><figure class=\"kb-gallery-figure kadence-blocks-gallery-item-has-caption\" \"><div class=\"kb-gal-image-radius\"><div class=\"kb-gallery-image-contain kadence-blocks-gallery-intrinsic kb-gallery-image-ratio-inherit kb-has-image-ratio-inherit\" ><img decoding=\"async\" src=\"https:\/\/e1.turitopbooking.com\/pro\/wp-content\/uploads\/sites\/2\/2021\/10\/412479c30719475f85d619d3c334969bdelfinlistado_orig.jpg\" width=\"433\" height=\"129\" alt=\"Stenella coeruleoalba\" data-full-image=\"https:\/\/e1.turitopbooking.com\/pro\/wp-content\/uploads\/sites\/2\/2021\/10\/412479c30719475f85d619d3c334969bdelfinlistado_orig.jpg\" data-light-image=\"https:\/\/e1.turitopbooking.com\/pro\/wp-content\/uploads\/sites\/2\/2021\/10\/412479c30719475f85d619d3c334969bdelfinlistado_orig.jpg\" data-id=\"1823\" class=\"wp-image-1823 skip-lazy\" srcset=\"https:\/\/www.edencatamaran.com\/wp-content\/uploads\/sites\/2\/2021\/10\/412479c30719475f85d619d3c334969bdelfinlistado_orig.jpg 433w, https:\/\/www.edencatamaran.com\/wp-content\/uploads\/sites\/2\/2021\/10\/412479c30719475f85d619d3c334969bdelfinlistado_orig-300x89.jpg 300w, https:\/\/www.edencatamaran.com\/wp-content\/uploads\/sites\/2\/2021\/10\/412479c30719475f85d619d3c334969bdelfinlistado_orig-18x5.jpg 18w\" sizes=\"(max-width: 433px) 100vw, 433px\" \/><\/div><\/div><figcaption class=\"kadence-blocks-gallery-item__caption\">Stenella coeruleoalba<\/figcaption><\/figure><\/div><\/div><\/div><div class=\"kb-slide-item kb-gallery-slide-item\"><div class=\"kadence-blocks-gallery-item\"><div class=\"kadence-blocks-gallery-item-inner\"><figure class=\"kb-gallery-figure kadence-blocks-gallery-item-has-caption\" \"><div class=\"kb-gal-image-radius\"><div class=\"kb-gallery-image-contain kadence-blocks-gallery-intrinsic kb-gallery-image-ratio-inherit kb-has-image-ratio-inherit\" ><img decoding=\"async\" src=\"https:\/\/e1.turitopbooking.com\/pro\/wp-content\/uploads\/sites\/2\/2021\/10\/6767859db30145aeb8e6ecd5022db42ecalderongris_orig.jpg\" width=\"433\" height=\"173\" alt=\"Grampus griseus\" data-full-image=\"https:\/\/e1.turitopbooking.com\/pro\/wp-content\/uploads\/sites\/2\/2021\/10\/6767859db30145aeb8e6ecd5022db42ecalderongris_orig.jpg\" data-light-image=\"https:\/\/e1.turitopbooking.com\/pro\/wp-content\/uploads\/sites\/2\/2021\/10\/6767859db30145aeb8e6ecd5022db42ecalderongris_orig.jpg\" data-id=\"1821\" class=\"wp-image-1821 skip-lazy\" srcset=\"https:\/\/www.edencatamaran.com\/wp-content\/uploads\/sites\/2\/2021\/10\/6767859db30145aeb8e6ecd5022db42ecalderongris_orig.jpg 433w, https:\/\/www.edencatamaran.com\/wp-content\/uploads\/sites\/2\/2021\/10\/6767859db30145aeb8e6ecd5022db42ecalderongris_orig-300x120.jpg 300w, https:\/\/www.edencatamaran.com\/wp-content\/uploads\/sites\/2\/2021\/10\/6767859db30145aeb8e6ecd5022db42ecalderongris_orig-18x7.jpg 18w\" sizes=\"(max-width: 433px) 100vw, 433px\" \/><\/div><\/div><figcaption class=\"kadence-blocks-gallery-item__caption\">Grampus griseus<\/figcaption><\/figure><\/div><\/div><\/div><div class=\"kb-slide-item kb-gallery-slide-item\"><div class=\"kadence-blocks-gallery-item\"><div class=\"kadence-blocks-gallery-item-inner\"><figure class=\"kb-gallery-figure kadence-blocks-gallery-item-has-caption\" \"><div class=\"kb-gal-image-radius\"><div class=\"kb-gallery-image-contain kadence-blocks-gallery-intrinsic kb-gallery-image-ratio-inherit kb-has-image-ratio-inherit\" ><img decoding=\"async\" src=\"https:\/\/e1.turitopbooking.com\/pro\/wp-content\/uploads\/sites\/2\/2021\/10\/738666a149dd4d0e864a097d776a00f6cachalote_orig.jpg\" width=\"433\" height=\"120\" alt=\"Physeter macrocephalus\" data-full-image=\"https:\/\/e1.turitopbooking.com\/pro\/wp-content\/uploads\/sites\/2\/2021\/10\/738666a149dd4d0e864a097d776a00f6cachalote_orig.jpg\" data-light-image=\"https:\/\/e1.turitopbooking.com\/pro\/wp-content\/uploads\/sites\/2\/2021\/10\/738666a149dd4d0e864a097d776a00f6cachalote_orig.jpg\" data-id=\"1822\" class=\"wp-image-1822 skip-lazy\" srcset=\"https:\/\/www.edencatamaran.com\/wp-content\/uploads\/sites\/2\/2021\/10\/738666a149dd4d0e864a097d776a00f6cachalote_orig.jpg 433w, https:\/\/www.edencatamaran.com\/wp-content\/uploads\/sites\/2\/2021\/10\/738666a149dd4d0e864a097d776a00f6cachalote_orig-300x83.jpg 300w, https:\/\/www.edencatamaran.com\/wp-content\/uploads\/sites\/2\/2021\/10\/738666a149dd4d0e864a097d776a00f6cachalote_orig-18x5.jpg 18w\" sizes=\"(max-width: 433px) 100vw, 433px\" \/><\/div><\/div><figcaption class=\"kadence-blocks-gallery-item__caption\">Physeter macrocephalus<\/figcaption><\/figure><\/div><\/div><\/div><div class=\"kb-slide-item kb-gallery-slide-item\"><div class=\"kadence-blocks-gallery-item\"><div class=\"kadence-blocks-gallery-item-inner\"><figure class=\"kb-gallery-figure kadence-blocks-gallery-item-has-caption\" \"><div class=\"kb-gal-image-radius\"><div class=\"kb-gallery-image-contain kadence-blocks-gallery-intrinsic kb-gallery-image-ratio-inherit kb-has-image-ratio-inherit\" ><img decoding=\"async\" src=\"https:\/\/e1.turitopbooking.com\/pro\/wp-content\/uploads\/sites\/2\/2021\/10\/440fe545865140a8aca5c5cff0ece2f0delfincomun_orig.jpg\" width=\"433\" height=\"128\" alt=\"Delphinus delphis\" data-full-image=\"https:\/\/e1.turitopbooking.com\/pro\/wp-content\/uploads\/sites\/2\/2021\/10\/440fe545865140a8aca5c5cff0ece2f0delfincomun_orig.jpg\" data-light-image=\"https:\/\/e1.turitopbooking.com\/pro\/wp-content\/uploads\/sites\/2\/2021\/10\/440fe545865140a8aca5c5cff0ece2f0delfincomun_orig.jpg\" data-id=\"1827\" class=\"wp-image-1827 skip-lazy\" srcset=\"https:\/\/www.edencatamaran.com\/wp-content\/uploads\/sites\/2\/2021\/10\/440fe545865140a8aca5c5cff0ece2f0delfincomun_orig.jpg 433w, https:\/\/www.edencatamaran.com\/wp-content\/uploads\/sites\/2\/2021\/10\/440fe545865140a8aca5c5cff0ece2f0delfincomun_orig-300x89.jpg 300w, https:\/\/www.edencatamaran.com\/wp-content\/uploads\/sites\/2\/2021\/10\/440fe545865140a8aca5c5cff0ece2f0delfincomun_orig-18x5.jpg 18w\" sizes=\"(max-width: 433px) 100vw, 433px\" \/><\/div><\/div><figcaption class=\"kadence-blocks-gallery-item__caption\">Delphinus delphis<\/figcaption><\/figure><\/div><\/div><\/div><div class=\"kb-slide-item kb-gallery-slide-item\"><div class=\"kadence-blocks-gallery-item\"><div class=\"kadence-blocks-gallery-item-inner\"><figure class=\"kb-gallery-figure kadence-blocks-gallery-item-has-caption\" \"><div class=\"kb-gal-image-radius\"><div class=\"kb-gallery-image-contain kadence-blocks-gallery-intrinsic kb-gallery-image-ratio-inherit kb-has-image-ratio-inherit\" ><img decoding=\"async\" src=\"https:\/\/e1.turitopbooking.com\/pro\/wp-content\/uploads\/sites\/2\/2021\/10\/46f49ad6603b4aff95528f51c7e11c53falsaorca_orig.jpg\" width=\"433\" height=\"121\" alt=\"Pseudorca crassidens\" data-full-image=\"https:\/\/e1.turitopbooking.com\/pro\/wp-content\/uploads\/sites\/2\/2021\/10\/46f49ad6603b4aff95528f51c7e11c53falsaorca_orig.jpg\" data-light-image=\"https:\/\/e1.turitopbooking.com\/pro\/wp-content\/uploads\/sites\/2\/2021\/10\/46f49ad6603b4aff95528f51c7e11c53falsaorca_orig.jpg\" data-id=\"1828\" class=\"wp-image-1828 skip-lazy\" srcset=\"https:\/\/www.edencatamaran.com\/wp-content\/uploads\/sites\/2\/2021\/10\/46f49ad6603b4aff95528f51c7e11c53falsaorca_orig.jpg 433w, https:\/\/www.edencatamaran.com\/wp-content\/uploads\/sites\/2\/2021\/10\/46f49ad6603b4aff95528f51c7e11c53falsaorca_orig-300x84.jpg 300w, https:\/\/www.edencatamaran.com\/wp-content\/uploads\/sites\/2\/2021\/10\/46f49ad6603b4aff95528f51c7e11c53falsaorca_orig-18x5.jpg 18w\" sizes=\"(max-width: 433px) 100vw, 433px\" \/><\/div><\/div><figcaption class=\"kadence-blocks-gallery-item__caption\">Pseudorca crassidens<\/figcaption><\/figure><\/div><\/div><\/div><\/div><\/div><\/div><\/div><\/div><\/div>\n\n<style>.wp-block-kadence-spacer.kt-block-spacer-_0e1f19-59 .kt-block-spacer{height:80px;}.wp-block-kadence-spacer.kt-block-spacer-_0e1f19-59 .kt-divider{border-top-width:1px;height:1px;border-top-color:#dedede;width:100%;border-top-style:solid;}<\/style>\n<div class=\"wp-block-kadence-spacer aligncenter kt-block-spacer-_0e1f19-59\"><div class=\"kt-block-spacer kt-block-spacer-halign-center\"><hr class=\"kt-divider\"\/><\/div><\/div>\n\n<style>.kadence-column_b75eaa-ff > .kt-inside-inner-col,.kadence-column_b75eaa-ff > .kt-inside-inner-col:before{border-top-left-radius:0px;border-top-right-radius:0px;border-bottom-right-radius:0px;border-bottom-left-radius:0px;}.kadence-column_b75eaa-ff > .kt-inside-inner-col{column-gap:var(--global-kb-gap-sm, 1rem);}.kadence-column_b75eaa-ff > .kt-inside-inner-col{flex-direction:column;}.kadence-column_b75eaa-ff > .kt-inside-inner-col > .aligncenter{width:100%;}.kadence-column_b75eaa-ff > .kt-inside-inner-col:before{opacity:0.3;}.kadence-column_b75eaa-ff{position:relative;}@media all and (max-width: 1024px){.kadence-column_b75eaa-ff > .kt-inside-inner-col{flex-direction:column;}}@media all and (max-width: 767px){.kadence-column_b75eaa-ff > .kt-inside-inner-col{flex-direction:column;}}<\/style>\n<div class=\"wp-block-kadence-column kadence-column_b75eaa-ff\"><div class=\"kt-inside-inner-col\"><div class=\"wp-block-image\"><figure class=\"aligncenter size-full\"><img decoding=\"async\" width=\"960\" height=\"371\" src=\"https:\/\/e1.turitopbooking.com\/pro\/wp-content\/uploads\/sites\/2\/2021\/10\/cetaceos-normativa-fc_orig.jpg\" alt=\"Delfines y ballenas en tenerife\" class=\"wp-image-1820\" srcset=\"https:\/\/www.edencatamaran.com\/wp-content\/uploads\/sites\/2\/2021\/10\/cetaceos-normativa-fc_orig.jpg 960w, https:\/\/www.edencatamaran.com\/wp-content\/uploads\/sites\/2\/2021\/10\/cetaceos-normativa-fc_orig-300x116.jpg 300w, https:\/\/www.edencatamaran.com\/wp-content\/uploads\/sites\/2\/2021\/10\/cetaceos-normativa-fc_orig-768x297.jpg 768w, https:\/\/www.edencatamaran.com\/wp-content\/uploads\/sites\/2\/2021\/10\/cetaceos-normativa-fc_orig-18x7.jpg 18w\" sizes=\"(max-width: 960px) 100vw, 960px\" \/><figcaption class=\"wp-element-caption\">Delfines y ballenas en tenerife<\/figcaption><\/figure><\/div><\/div><\/div>\n\n<style>.kadence-column_25f4d7-5c > .kt-inside-inner-col,.kadence-column_25f4d7-5c > .kt-inside-inner-col:before{border-top-left-radius:0px;border-top-right-radius:0px;border-bottom-right-radius:0px;border-bottom-left-radius:0px;}.kadence-column_25f4d7-5c > .kt-inside-inner-col{column-gap:var(--global-kb-gap-sm, 1rem);}.kadence-column_25f4d7-5c > .kt-inside-inner-col{flex-direction:column;}.kadence-column_25f4d7-5c > .kt-inside-inner-col > .aligncenter{width:100%;}.kadence-column_25f4d7-5c > .kt-inside-inner-col:before{opacity:0.3;}.kadence-column_25f4d7-5c{position:relative;}@media all and (max-width: 1024px){.kadence-column_25f4d7-5c > .kt-inside-inner-col{flex-direction:column;}}@media all and (max-width: 767px){.kadence-column_25f4d7-5c > .kt-inside-inner-col{flex-direction:column;}}<\/style>\n<div class=\"wp-block-kadence-column kadence-column_25f4d7-5c\"><div class=\"kt-inside-inner-col\"><style>.wp-block-kadence-advancedheading.kt-adv-heading_549a0c-96, .wp-block-kadence-advancedheading.kt-adv-heading_549a0c-96[data-kb-block=\"kb-adv-heading_549a0c-96\"]{padding-top:var(--global-kb-spacing-xs, 1rem);font-size:var(--global-kb-font-size-lg, 2rem);font-style:normal;color:#454545;}.wp-block-kadence-advancedheading.kt-adv-heading_549a0c-96 mark.kt-highlight, .wp-block-kadence-advancedheading.kt-adv-heading_549a0c-96[data-kb-block=\"kb-adv-heading_549a0c-96\"] mark.kt-highlight{font-style:normal;color:#f76a0c;-webkit-box-decoration-break:clone;box-decoration-break:clone;padding-top:0px;padding-right:0px;padding-bottom:0px;padding-left:0px;}<\/style>\n<h2 class=\"kt-adv-heading_549a0c-96 wp-block-kadence-advancedheading\" data-kb-block=\"kb-adv-heading_549a0c-96\">Reglamento para <strong>avistamiento de delfines y ballenas en Tenerife<\/strong><\/h2>\n\n<style>.wp-block-kadence-advancedheading.kt-adv-heading_1e27ce-d3, .wp-block-kadence-advancedheading.kt-adv-heading_1e27ce-d3[data-kb-block=\"kb-adv-heading_1e27ce-d3\"]{font-style:normal;}.wp-block-kadence-advancedheading.kt-adv-heading_1e27ce-d3 mark.kt-highlight, .wp-block-kadence-advancedheading.kt-adv-heading_1e27ce-d3[data-kb-block=\"kb-adv-heading_1e27ce-d3\"] mark.kt-highlight{font-style:normal;color:#f76a0c;-webkit-box-decoration-break:clone;box-decoration-break:clone;padding-top:0px;padding-right:0px;padding-bottom:0px;padding-left:0px;}<\/style>\n<p class=\"kt-adv-heading_1e27ce-d3 wp-block-kadence-advancedheading\" data-kb-block=\"kb-adv-heading_1e27ce-d3\">Existen diversas normas y leyes nacionales e internacionales que protegen a las poblaciones de peces piloto.<strong> ballenas y delfines en Tenerife<\/strong>. Por eso es importante tener cuidado con cualquier actividad humana que pueda afectar a estas magn\u00edficas bestias, incluida la observaci\u00f3n de ballenas y delfines.<\/p>\n\n<style>.wp-block-kadence-advancedheading.kt-adv-heading_f3a18b-21, .wp-block-kadence-advancedheading.kt-adv-heading_f3a18b-21[data-kb-block=\"kb-adv-heading_f3a18b-21\"]{font-style:normal;}.wp-block-kadence-advancedheading.kt-adv-heading_f3a18b-21 mark.kt-highlight, .wp-block-kadence-advancedheading.kt-adv-heading_f3a18b-21[data-kb-block=\"kb-adv-heading_f3a18b-21\"] mark.kt-highlight{font-style:normal;color:#f76a0c;-webkit-box-decoration-break:clone;box-decoration-break:clone;padding-top:0px;padding-right:0px;padding-bottom:0px;padding-left:0px;}<\/style>\n<p class=\"kt-adv-heading_f3a18b-21 wp-block-kadence-advancedheading\" data-kb-block=\"kb-adv-heading_f3a18b-21\">Durante esta actividad deben respetarse las siguientes normas:<\/p>\n\n<style>.wp-block-kadence-advancedheading.kt-adv-heading_8b1297-d8, .wp-block-kadence-advancedheading.kt-adv-heading_8b1297-d8[data-kb-block=\"kb-adv-heading_8b1297-d8\"]{font-style:normal;}.wp-block-kadence-advancedheading.kt-adv-heading_8b1297-d8 mark.kt-highlight, .wp-block-kadence-advancedheading.kt-adv-heading_8b1297-d8[data-kb-block=\"kb-adv-heading_8b1297-d8\"] mark.kt-highlight{font-style:normal;color:#f76a0c;-webkit-box-decoration-break:clone;box-decoration-break:clone;padding-top:0px;padding-right:0px;padding-bottom:0px;padding-left:0px;}<\/style>\n<p class=\"kt-adv-heading_8b1297-d8 wp-block-kadence-advancedheading\" data-kb-block=\"kb-adv-heading_8b1297-d8\"><strong>SIEMPRE<\/strong><br>Mantenga una distancia de al menos 60 metros.<br>Respete el tiempo m\u00e1ximo de observaci\u00f3n de 30 minutos.<br>Navega a baja velocidad.<br>Evitar las concentraciones de embarcaciones.<br>Abandone la zona si se molesta a los animales.<\/p>\n\n<style>.wp-block-kadence-advancedheading.kt-adv-heading_a63791-2d, .wp-block-kadence-advancedheading.kt-adv-heading_a63791-2d[data-kb-block=\"kb-adv-heading_a63791-2d\"]{font-style:normal;}.wp-block-kadence-advancedheading.kt-adv-heading_a63791-2d mark.kt-highlight, .wp-block-kadence-advancedheading.kt-adv-heading_a63791-2d[data-kb-block=\"kb-adv-heading_a63791-2d\"] mark.kt-highlight{font-style:normal;color:#f76a0c;-webkit-box-decoration-break:clone;box-decoration-break:clone;padding-top:0px;padding-right:0px;padding-bottom:0px;padding-left:0px;}<\/style>\n<p class=\"kt-adv-heading_a63791-2d wp-block-kadence-advancedheading\" data-kb-block=\"kb-adv-heading_a63791-2d\"><strong>NUNCA<\/strong><br>Nade con los animales.<br>Alim\u00e9ntalos.<br>T\u00f3calos.<br>Tira cualquier residuo al mar.<br>Haz ruidos que puedan molestarles.<\/p>\n\n<div style=\"height:30px\" aria-hidden=\"true\" class=\"wp-block-spacer\"><\/div><\/div><\/div><\/div><\/div>\n<\/div><\/div>","protected":false},"excerpt":{"rendered":"<p>Delfines y ballenas en tenerife Estas aguas albergan hasta 21 especies diferentes, desde la gran ballena azul hasta la formidable orca. Diferenciar una especie de otra en mar abierto y a simple vista puede resultar complicado, sobre todo cuando no est\u00e1n cerca de la embarcaci\u00f3n. Sin embargo, hay ciertos aspectos...<\/p>","protected":false},"author":3,"featured_media":0,"parent":0,"menu_order":0,"comment_status":"closed","ping_status":"closed","template":"","meta":{"_kad_blocks_custom_css":"","_kad_blocks_head_custom_js":"","_kad_blocks_body_custom_js":"","_kad_blocks_footer_custom_js":"","_kad_post_transparent":"","_kad_post_title":"","_kad_post_layout":"","_kad_post_sidebar_id":"","_kad_post_content_style":"","_kad_post_vertical_padding":"","_kad_post_feature":"","_kad_post_feature_position":"","_kad_post_header":false,"_kad_post_footer":false,"footnotes":""},"class_list":["post-531","page","type-page","status-publish","hentry"],"acf":[],"featured_image_src_large":false,"author_info":{"display_name":"superadmin","author_link":"https:\/\/www.edencatamaran.com\/es\/author\/superadmin\/"},"comment_info":0,"taxonomy_info":[],"_links":{"self":[{"href":"https:\/\/www.edencatamaran.com\/es\/wp-json\/wp\/v2\/pages\/531","targetHints":{"allow":["GET"]}}],"collection":[{"href":"https:\/\/www.edencatamaran.com\/es\/wp-json\/wp\/v2\/pages"}],"about":[{"href":"https:\/\/www.edencatamaran.com\/es\/wp-json\/wp\/v2\/types\/page"}],"author":[{"embeddable":true,"href":"https:\/\/www.edencatamaran.com\/es\/wp-json\/wp\/v2\/users\/3"}],"replies":[{"embeddable":true,"href":"https:\/\/www.edencatamaran.com\/es\/wp-json\/wp\/v2\/comments?post=531"}],"version-history":[{"count":25,"href":"https:\/\/www.edencatamaran.com\/es\/wp-json\/wp\/v2\/pages\/531\/revisions"}],"predecessor-version":[{"id":2711,"href":"https:\/\/www.edencatamaran.com\/es\/wp-json\/wp\/v2\/pages\/531\/revisions\/2711"}],"wp:attachment":[{"href":"https:\/\/www.edencatamaran.com\/es\/wp-json\/wp\/v2\/media?parent=531"}],"curies":[{"name":"wp","href":"https:\/\/api.w.org\/{rel}","templated":true}]}}